{"id":7654,"date":"2023-06-19T13:39:04","date_gmt":"2023-06-19T11:39:04","guid":{"rendered":"http:\/\/www.avinent.com\/?post_type=courses&#038;p=7654"},"modified":"2025-03-19T17:41:18","modified_gmt":"2025-03-19T16:41:18","slug":"modular-oclusio-protesis-dental","status":"publish","type":"courses","link":"https:\/\/avinent.com\/ca\/courses\/modular-oclusio-protesis-dental\/","title":{"rendered":"Curs modular d&#8217;oclusi\u00f3 i pr\u00f2tesis dental"},"content":{"rendered":"\n\t\t\t\t\n<p>En el Curs modular te\u00f2ric-pr\u00e0ctic, obtindr\u00e0s la formaci\u00f3 Postgraduada en Rehabilitaci\u00f3 Oclusal, Pr\u00f2tesis Dental i Implantopr\u00f2tesis. <\/p>\n\n\n\n<p>Un <strong>curs molt complet dirigit i impartit pel Dr. Salvador Gallardo <\/strong>com a director del mateix. Tamb\u00e9 un dels m\u00f2duls estar\u00e0 impartit per la doc\u00e8ncia del Dr. Ernest Mallat Call\u00eds, sobre Pr\u00f2tesis Parcial Removible i Pr\u00f2tesis Mixta.<\/p>\n\n\n\n<div style=\"height:40px\" aria-hidden=\"true\" class=\"wp-block-spacer\"><\/div>\n\n\n\n<p><strong>\u00bfQu\u00e8 aconseguir\u00e0s amb aquest curs?<\/strong><\/p>\n\n\n\n<p>Amb aquest curs modular obtind\u00e0s la formaci\u00f3 Postgraduada en Rehabilitaci\u00f3n Oclusal, Pr\u00f3tesis Dental e Implantopr\u00f3tesis.<\/p>\n\n\n\n<div style=\"height:40px\" aria-hidden=\"true\" class=\"wp-block-spacer\"><\/div>\n\n\n\n<p><strong>\u00bfCom es distribueix el curs?<\/strong><\/p>\n\n\n\n<p>El curs es composa de 7 m\u00f2duls te\u00f2rics-pr\u00e0ctics, comen\u00e7ant el 26 d&#8217;octubre de 2023 i finalitzant el maig del 2024. Les dates espec\u00edfiques de cada m\u00f2dul s\u00f3n les seg\u00fcents:<br><\/p>\n\n\n\n<div style=\"height:15px\" aria-hidden=\"true\" class=\"wp-block-spacer\"><\/div>\n\n\n\n<p style=\"background-color:#5a666b;color:#ffffff\" class=\"has-text-color has-background\"><small><strong> M\u00f2dul 1:<\/strong> 26 i 27 d&#8217;octubre 2023<br><strong>M\u00f2dul 2:<\/strong> 23 i 24 de novembre 2023<br><strong>M\u00f2dul 3:<\/strong> 18 i 19 de gener 2024<br><strong>M\u00f2dul 4:<\/strong> 15 i 16 de febrer 2024<br><strong>M\u00f2dul 5:<\/strong> 14 i 15 de mar\u00e7 2024<br><strong>M\u00f2dul 6:<\/strong> 25 i 26 d&#8217;abril 2024<br><strong>M\u00f2dul 7:<\/strong> 23, 24 i 25 de maig 2024<br>Els m\u00f2duls de l&#8217;1 al 6 es realitzen els dijous i els divendres de 9:30h a 19:30h.\nEl m\u00f2dul 7, a part d&#8217;aquests dos dies, tamb\u00e9 es realitza el dissabte de 9:30h a 14:00h.\n\n<\/small><\/p>\n\n\n\n<div style=\"height:35px\" aria-hidden=\"true\" class=\"wp-block-spacer\"><\/div>\n\n\n\n<p><strong><br><\/strong>Si vols con\u00e8ixer m\u00e9s, descarrega el programa o sol\u00b7licita m\u00e9s informaci\u00f3 per resoldre els teus dubtes.<\/p>\n\n\n\n<div style=\"height:25px\" aria-hidden=\"true\" class=\"wp-block-spacer\"><\/div>\n\n\n\n<div class=\"wp-block-columns has-4-columns is-layout-flex wp-container-core-columns-is-layout-1 wp-block-columns-is-layout-flex\">\n<div class=\"wp-block-column is-layout-flow wp-block-column-is-layout-flow\">\n<div class=\"wp-block-button alignleft is-style-outline is-style-outline--1\"><a class=\"wp-block-button__link\" href=\"https:\/\/mautic.avinent.com\/asset\/143:curso-oclusion-dental-avinent-2023-24pdf\">Descarregar programa<\/a><\/div>\n<\/div>\n\n\n\n<div class=\"wp-block-column is-layout-flow wp-block-column-is-layout-flow\"><\/div>\n\n\n\n<div class=\"wp-block-column is-layout-flow wp-block-column-is-layout-flow\">\n<p><\/p>\n<\/div>\n\n\n\n<div class=\"wp-block-column is-layout-flow wp-block-column-is-layout-flow\"><\/div>\n<\/div>\n\t\t","protected":false},"excerpt":{"rendered":"<p>En el Curs modular te\u00f2ric-pr\u00e0ctic, obtindr\u00e0s la formaci\u00f3 Postgraduada en Rehabilitaci\u00f3 Oclusal, Pr\u00f2tesis Dental i Implantopr\u00f2tesis. Un curs molt complet dirigit i impartit pel Dr. Salvador Gallardo com a director del mateix. Tamb\u00e9 un dels m\u00f2duls estar\u00e0 impartit per la doc\u00e8ncia del Dr. Ernest Mallat Call\u00eds, sobre Pr\u00f2tesis Parcial Removible i Pr\u00f2tesis Mixta. \u00bfQu\u00e8 aconseguir\u00e0s [&hellip;]<\/p>\n","protected":false},"featured_media":8408,"template":"","tipologia":[256,387],"director":[399,436,283],"ciutat-curs":[301,551,552],"segment":[327,170],"class_list":["post-7654","courses","type-courses","status-publish","has-post-thumbnail","hentry","tipologia-teorico-practico","tipologia-teoric-practic-ca","director-dr-salvador-gallardo-ca","director-dr-salvador-gallardo-en","director-dr-salvador-gallardo","ciutat-curs-huelva","ciutat-curs-huelva-ca","ciutat-curs-huelva-en","segments-implants-ca","segments-implantes"],"acf":[],"yoast_head":"<!-- This site is optimized with the Yoast SEO plugin v26.8 - https:\/\/yoast.com\/product\/yoast-seo-wordpress\/ -->\n<title>Curs modular d&#039;oclusi\u00f3 i pr\u00f2tesis dental - Avinent<\/title>\n<meta name=\"robots\" content=\"index, follow, max-snippet:-1, max-image-preview:large, max-video-preview:-1\" \/>\n<meta property=\"og:locale\" content=\"ca_ES\" \/>\n<meta property=\"og:type\" content=\"article\" \/>\n<meta property=\"og:title\" content=\"Curs modular d&#039;oclusi\u00f3 i pr\u00f2tesis dental - Avinent\" \/>\n<meta property=\"og:description\" content=\"En el Curs modular te\u00f2ric-pr\u00e0ctic, obtindr\u00e0s la formaci\u00f3 Postgraduada en Rehabilitaci\u00f3 Oclusal, Pr\u00f2tesis Dental i Implantopr\u00f2tesis. Un curs molt complet dirigit i impartit pel Dr. Salvador Gallardo com a director del mateix. Tamb\u00e9 un dels m\u00f2duls estar\u00e0 impartit per la doc\u00e8ncia del Dr. Ernest Mallat Call\u00eds, sobre Pr\u00f2tesis Parcial Removible i Pr\u00f2tesis Mixta. \u00bfQu\u00e8 aconseguir\u00e0s [&hellip;]\" \/>\n<meta property=\"og:url\" content=\"https:\/\/avinent.wwwarcelona.net\/courses\/modular-oclusion-protesis-dental-2023\/\" \/>\n<meta property=\"og:site_name\" content=\"Avinent\" \/>\n<meta property=\"article:modified_time\" content=\"2025-03-19T16:41:18+00:00\" \/>\n<meta property=\"og:image\" content=\"https:\/\/avinent.wwwarcelona.net\/wp-content\/uploads\/2023\/07\/Imatge-destacada-cursos-1.jpg\" \/>\n\t<meta property=\"og:image:width\" content=\"600\" \/>\n\t<meta property=\"og:image:height\" content=\"600\" \/>\n\t<meta property=\"og:image:type\" content=\"image\/jpeg\" \/>\n<meta name=\"twitter:card\" content=\"summary_large_image\" \/>\n<meta name=\"twitter:label1\" content=\"Temps estimat de lectura\" \/>\n\t<meta name=\"twitter:data1\" content=\"2 minuts\" \/>\n<script type=\"application\/ld+json\" class=\"yoast-schema-graph\">{\"@context\":\"https:\/\/schema.org\",\"@graph\":[{\"@type\":\"WebPage\",\"@id\":\"https:\/\/avinent.wwwarcelona.net\/courses\/modular-oclusion-protesis-dental-2023\/\",\"url\":\"https:\/\/avinent.wwwarcelona.net\/courses\/modular-oclusion-protesis-dental-2023\/\",\"name\":\"Curs modular d'oclusi\u00f3 i pr\u00f2tesis dental - Avinent\",\"isPartOf\":{\"@id\":\"https:\/\/avinent.com\/#website\"},\"primaryImageOfPage\":{\"@id\":\"https:\/\/avinent.wwwarcelona.net\/courses\/modular-oclusion-protesis-dental-2023\/#primaryimage\"},\"image\":{\"@id\":\"https:\/\/avinent.wwwarcelona.net\/courses\/modular-oclusion-protesis-dental-2023\/#primaryimage\"},\"thumbnailUrl\":\"https:\/\/avinent.com\/wp-content\/uploads\/2023\/07\/Imatge-destacada-cursos-1.jpg\",\"datePublished\":\"2023-06-19T11:39:04+00:00\",\"dateModified\":\"2025-03-19T16:41:18+00:00\",\"breadcrumb\":{\"@id\":\"https:\/\/avinent.wwwarcelona.net\/courses\/modular-oclusion-protesis-dental-2023\/#breadcrumb\"},\"inLanguage\":\"ca\",\"potentialAction\":[{\"@type\":\"ReadAction\",\"target\":[\"https:\/\/avinent.wwwarcelona.net\/courses\/modular-oclusion-protesis-dental-2023\/\"]}]},{\"@type\":\"ImageObject\",\"inLanguage\":\"ca\",\"@id\":\"https:\/\/avinent.wwwarcelona.net\/courses\/modular-oclusion-protesis-dental-2023\/#primaryimage\",\"url\":\"https:\/\/avinent.com\/wp-content\/uploads\/2023\/07\/Imatge-destacada-cursos-1.jpg\",\"contentUrl\":\"https:\/\/avinent.com\/wp-content\/uploads\/2023\/07\/Imatge-destacada-cursos-1.jpg\",\"width\":600,\"height\":600,\"caption\":\"\"},{\"@type\":\"BreadcrumbList\",\"@id\":\"https:\/\/avinent.wwwarcelona.net\/courses\/modular-oclusion-protesis-dental-2023\/#breadcrumb\",\"itemListElement\":[{\"@type\":\"ListItem\",\"position\":1,\"name\":\"Portada\",\"item\":\"https:\/\/avinent.com\/ca\/home\/\"},{\"@type\":\"ListItem\",\"position\":2,\"name\":\"Cursos\",\"item\":\"https:\/\/avinent.wwwarcelona.net\/courses\/\"},{\"@type\":\"ListItem\",\"position\":3,\"name\":\"Curs modular d&#8217;oclusi\u00f3 i pr\u00f2tesis dental\"}]},{\"@type\":\"WebSite\",\"@id\":\"https:\/\/avinent.com\/#website\",\"url\":\"https:\/\/avinent.com\/\",\"name\":\"Avinent\",\"description\":\"Todas las soluciones m\u00e9dicas y dentales\",\"publisher\":{\"@id\":\"https:\/\/avinent.com\/#organization\"},\"potentialAction\":[{\"@type\":\"SearchAction\",\"target\":{\"@type\":\"EntryPoint\",\"urlTemplate\":\"https:\/\/avinent.com\/?s={search_term_string}\"},\"query-input\":{\"@type\":\"PropertyValueSpecification\",\"valueRequired\":true,\"valueName\":\"search_term_string\"}}],\"inLanguage\":\"ca\"},{\"@type\":\"Organization\",\"@id\":\"https:\/\/avinent.com\/#organization\",\"name\":\"Avinent\",\"url\":\"https:\/\/avinent.com\/\",\"logo\":{\"@type\":\"ImageObject\",\"inLanguage\":\"ca\",\"@id\":\"https:\/\/avinent.com\/#\/schema\/logo\/image\/\",\"url\":\"https:\/\/avinent.com\/wp-content\/uploads\/2021\/10\/cropped-9216650250dc9798b51ff14a0e1c16c7.png\",\"contentUrl\":\"https:\/\/avinent.com\/wp-content\/uploads\/2021\/10\/cropped-9216650250dc9798b51ff14a0e1c16c7.png\",\"width\":122,\"height\":79,\"caption\":\"Avinent\"},\"image\":{\"@id\":\"https:\/\/avinent.com\/#\/schema\/logo\/image\/\"}}]}<\/script>\n<!-- \/ Yoast SEO plugin. -->","yoast_head_json":{"title":"Curs modular d'oclusi\u00f3 i pr\u00f2tesis dental - Avinent","robots":{"index":"index","follow":"follow","max-snippet":"max-snippet:-1","max-image-preview":"max-image-preview:large","max-video-preview":"max-video-preview:-1"},"og_locale":"ca_ES","og_type":"article","og_title":"Curs modular d'oclusi\u00f3 i pr\u00f2tesis dental - Avinent","og_description":"En el Curs modular te\u00f2ric-pr\u00e0ctic, obtindr\u00e0s la formaci\u00f3 Postgraduada en Rehabilitaci\u00f3 Oclusal, Pr\u00f2tesis Dental i Implantopr\u00f2tesis. Un curs molt complet dirigit i impartit pel Dr. Salvador Gallardo com a director del mateix. Tamb\u00e9 un dels m\u00f2duls estar\u00e0 impartit per la doc\u00e8ncia del Dr. Ernest Mallat Call\u00eds, sobre Pr\u00f2tesis Parcial Removible i Pr\u00f2tesis Mixta. \u00bfQu\u00e8 aconseguir\u00e0s [&hellip;]","og_url":"https:\/\/avinent.wwwarcelona.net\/courses\/modular-oclusion-protesis-dental-2023\/","og_site_name":"Avinent","article_modified_time":"2025-03-19T16:41:18+00:00","og_image":[{"width":600,"height":600,"url":"https:\/\/avinent.wwwarcelona.net\/wp-content\/uploads\/2023\/07\/Imatge-destacada-cursos-1.jpg","type":"image\/jpeg"}],"twitter_card":"summary_large_image","twitter_misc":{"Temps estimat de lectura":"2 minuts"},"schema":{"@context":"https:\/\/schema.org","@graph":[{"@type":"WebPage","@id":"https:\/\/avinent.wwwarcelona.net\/courses\/modular-oclusion-protesis-dental-2023\/","url":"https:\/\/avinent.wwwarcelona.net\/courses\/modular-oclusion-protesis-dental-2023\/","name":"Curs modular d'oclusi\u00f3 i pr\u00f2tesis dental - Avinent","isPartOf":{"@id":"https:\/\/avinent.com\/#website"},"primaryImageOfPage":{"@id":"https:\/\/avinent.wwwarcelona.net\/courses\/modular-oclusion-protesis-dental-2023\/#primaryimage"},"image":{"@id":"https:\/\/avinent.wwwarcelona.net\/courses\/modular-oclusion-protesis-dental-2023\/#primaryimage"},"thumbnailUrl":"https:\/\/avinent.com\/wp-content\/uploads\/2023\/07\/Imatge-destacada-cursos-1.jpg","datePublished":"2023-06-19T11:39:04+00:00","dateModified":"2025-03-19T16:41:18+00:00","breadcrumb":{"@id":"https:\/\/avinent.wwwarcelona.net\/courses\/modular-oclusion-protesis-dental-2023\/#breadcrumb"},"inLanguage":"ca","potentialAction":[{"@type":"ReadAction","target":["https:\/\/avinent.wwwarcelona.net\/courses\/modular-oclusion-protesis-dental-2023\/"]}]},{"@type":"ImageObject","inLanguage":"ca","@id":"https:\/\/avinent.wwwarcelona.net\/courses\/modular-oclusion-protesis-dental-2023\/#primaryimage","url":"https:\/\/avinent.com\/wp-content\/uploads\/2023\/07\/Imatge-destacada-cursos-1.jpg","contentUrl":"https:\/\/avinent.com\/wp-content\/uploads\/2023\/07\/Imatge-destacada-cursos-1.jpg","width":600,"height":600,"caption":""},{"@type":"BreadcrumbList","@id":"https:\/\/avinent.wwwarcelona.net\/courses\/modular-oclusion-protesis-dental-2023\/#breadcrumb","itemListElement":[{"@type":"ListItem","position":1,"name":"Portada","item":"https:\/\/avinent.com\/ca\/home\/"},{"@type":"ListItem","position":2,"name":"Cursos","item":"https:\/\/avinent.wwwarcelona.net\/courses\/"},{"@type":"ListItem","position":3,"name":"Curs modular d&#8217;oclusi\u00f3 i pr\u00f2tesis dental"}]},{"@type":"WebSite","@id":"https:\/\/avinent.com\/#website","url":"https:\/\/avinent.com\/","name":"Avinent","description":"Todas las soluciones m\u00e9dicas y dentales","publisher":{"@id":"https:\/\/avinent.com\/#organization"},"potentialAction":[{"@type":"SearchAction","target":{"@type":"EntryPoint","urlTemplate":"https:\/\/avinent.com\/?s={search_term_string}"},"query-input":{"@type":"PropertyValueSpecification","valueRequired":true,"valueName":"search_term_string"}}],"inLanguage":"ca"},{"@type":"Organization","@id":"https:\/\/avinent.com\/#organization","name":"Avinent","url":"https:\/\/avinent.com\/","logo":{"@type":"ImageObject","inLanguage":"ca","@id":"https:\/\/avinent.com\/#\/schema\/logo\/image\/","url":"https:\/\/avinent.com\/wp-content\/uploads\/2021\/10\/cropped-9216650250dc9798b51ff14a0e1c16c7.png","contentUrl":"https:\/\/avinent.com\/wp-content\/uploads\/2021\/10\/cropped-9216650250dc9798b51ff14a0e1c16c7.png","width":122,"height":79,"caption":"Avinent"},"image":{"@id":"https:\/\/avinent.com\/#\/schema\/logo\/image\/"}}]}},"_links":{"self":[{"href":"https:\/\/avinent.com\/ca\/wp-json\/wp\/v2\/courses\/7654","targetHints":{"allow":["GET"]}}],"collection":[{"href":"https:\/\/avinent.com\/ca\/wp-json\/wp\/v2\/courses"}],"about":[{"href":"https:\/\/avinent.com\/ca\/wp-json\/wp\/v2\/types\/courses"}],"wp:featuredmedia":[{"embeddable":true,"href":"https:\/\/avinent.com\/ca\/wp-json\/wp\/v2\/media\/8408"}],"wp:attachment":[{"href":"https:\/\/avinent.com\/ca\/wp-json\/wp\/v2\/media?parent=7654"}],"wp:term":[{"taxonomy":"tipologia","embeddable":true,"href":"https:\/\/avinent.com\/ca\/wp-json\/wp\/v2\/tipologia?post=7654"},{"taxonomy":"director","embeddable":true,"href":"https:\/\/avinent.com\/ca\/wp-json\/wp\/v2\/director?post=7654"},{"taxonomy":"ciutat-curs","embeddable":true,"href":"https:\/\/avinent.com\/ca\/wp-json\/wp\/v2\/ciutat-curs?post=7654"},{"taxonomy":"segments","embeddable":true,"href":"https:\/\/avinent.com\/ca\/wp-json\/wp\/v2\/segment?post=7654"}],"curies":[{"name":"wp","href":"https:\/\/api.w.org\/{rel}","templated":true}]}}