{"id":33913,"date":"2025-06-10T15:33:04","date_gmt":"2025-06-10T13:33:04","guid":{"rendered":"https:\/\/avinent.com\/?post_type=courses&#038;p=33913"},"modified":"2025-11-05T12:55:07","modified_gmt":"2025-11-05T11:55:07","slug":"9a-edicion-atrofias-maxilares-severas-mediante-implantes-subperiosticos","status":"publish","type":"courses","link":"https:\/\/avinent.com\/pt-pt\/courses\/9a-edicion-atrofias-maxilares-severas-mediante-implantes-subperiosticos\/","title":{"rendered":"9\u00aa Edici\u00f3n &#8211; Atrofias Maxilares severas mediante implantes subperi\u00f3sticos"},"content":{"rendered":"\n<p>Los pr\u00f3ximos 13 y 14 de febrero, ofrecemos dos d\u00edas de formaci\u00f3n intensiva junto a cuatro grandes profesionales del sector dental: Prof. M. del Canto, Dr. Bruno Ruiz, Dra. Alejandra del Canto y Dr. Mariano del Canto. <strong>\u00a1M\u00e1ximo 8 plazas! \u00a1No te quedes sin la tuya!<\/strong><\/p>\n\n\n\n<p><strong>Contenido te\u00f3rico:<br><\/strong> \u2022 Atrofia maxilar severa. De d\u00f3nde venimos y donde nos encontramos actualmente.<br>\u2022 Indicaciones y contraindicaciones de los implantes subperi\u00f3sticos. <br>\u2022 Aspectos prot\u00e9sicos: planificaci\u00f3n, dise\u00f1o e integraci\u00f3n facial, materiales de la pr\u00f3tesis interina, y de la pr\u00f3tesis definitiva. <br>\u2022 Dise\u00f1o y material de los implantes subperi\u00f3sticos. <br>\u2022 Aspectos quir\u00fargicos <br>\u2022 Caracter\u00edsticas del abordaje quir\u00fargico. <br>\u2022 Postoperatorio y complicaciones. <br>\u2022 An\u00e1lisis de resultados. <br><br><strong>Contenido pr\u00e1ctico:<\/strong><br>\u2022 Dise\u00f1o en directo de la malla subperi\u00f3stica junto a un ingeniero biom\u00e9dico de Avinent.<br>\u2022 Sesiones cl\u00ednicas con debate de casos. <br>\u2022 Acto quir\u00fargico de implantes subperi\u00f3sticos en un caso real en modelo espec\u00edfico de simulaci\u00f3n.<br>\u2022 Manejo de la caja quir\u00fargica para implantes subperi\u00f3sticos.<br>\u2022 Secuencia de fijaci\u00f3n de la malla prototipada dise\u00f1ada para el caso real del modelo de simulaci\u00f3n. <br>*Cada alumno dispondr\u00e1 de 2 modelos y una malla de un caso real + pr\u00f3tesis inmediata.<\/p>\n","protected":false},"excerpt":{"rendered":"<p>Ap\u00fantate a la 9\u00aa edici\u00f3n del curso de dos d\u00edas donde aprender\u00e1s y pondr\u00e1s en pr\u00e1ctica el manejo de casos con atrofias maxilares.\t\t<\/p>\n","protected":false},"featured_media":0,"template":"","tipologia":[256],"director":[268],"ciutat-curs":[292],"segment":[172],"class_list":["post-33913","courses","type-courses","status-publish","hentry","tipologia-teorico-practico","director-prof-m-del-canto","ciutat-curs-madrid","segments-craneomaxilofacial"],"acf":[],"yoast_head":"<!-- This site is optimized with the Yoast SEO plugin v26.8 - https:\/\/yoast.com\/product\/yoast-seo-wordpress\/ -->\n<title>9\u00aa Edici\u00f3n - Atrofias Maxilares severas mediante implantes subperi\u00f3sticos - Avinent<\/title>\n<meta name=\"description\" content=\"El pr\u00f3ximo 13 y 14 de febrero, ofrecemos dos d\u00edas de formaci\u00f3n intensiva junto a cuatro grandes profesionales del sector dental. \u00a1No te quedes sin tu plaza!\ufeff\" \/>\n<meta name=\"robots\" content=\"index, follow, max-snippet:-1, max-image-preview:large, max-video-preview:-1\" \/>\n<meta property=\"og:locale\" content=\"pt_PT\" \/>\n<meta property=\"og:type\" content=\"article\" \/>\n<meta property=\"og:title\" content=\"9\u00aa Edici\u00f3n - Atrofias Maxilares severas mediante implantes subperi\u00f3sticos - Avinent\" \/>\n<meta property=\"og:description\" content=\"El pr\u00f3ximo 13 y 14 de febrero, ofrecemos dos d\u00edas de formaci\u00f3n intensiva junto a cuatro grandes profesionales del sector dental. \u00a1No te quedes sin tu plaza!\ufeff\" \/>\n<meta property=\"og:url\" content=\"https:\/\/avinent.com\/courses\/9a-edicion-atrofias-maxilares-severas-mediante-implantes-subperiosticos\/\" \/>\n<meta property=\"og:site_name\" content=\"Avinent\" \/>\n<meta property=\"article:modified_time\" content=\"2025-11-05T11:55:07+00:00\" \/>\n<meta name=\"twitter:card\" content=\"summary_large_image\" \/>\n<meta name=\"twitter:label1\" content=\"Est. reading time\" \/>\n\t<meta name=\"twitter:data1\" content=\"1 minute\" \/>\n<script type=\"application\/ld+json\" class=\"yoast-schema-graph\">{\"@context\":\"https:\/\/schema.org\",\"@graph\":[{\"@type\":\"WebPage\",\"@id\":\"https:\/\/avinent.com\/courses\/9a-edicion-atrofias-maxilares-severas-mediante-implantes-subperiosticos\/\",\"url\":\"https:\/\/avinent.com\/courses\/9a-edicion-atrofias-maxilares-severas-mediante-implantes-subperiosticos\/\",\"name\":\"9\u00aa Edici\u00f3n - Atrofias Maxilares severas mediante implantes subperi\u00f3sticos - Avinent\",\"isPartOf\":{\"@id\":\"https:\/\/avinent.com\/#website\"},\"datePublished\":\"2025-06-10T13:33:04+00:00\",\"dateModified\":\"2025-11-05T11:55:07+00:00\",\"description\":\"El pr\u00f3ximo 13 y 14 de febrero, ofrecemos dos d\u00edas de formaci\u00f3n intensiva junto a cuatro grandes profesionales del sector dental. \u00a1No te quedes sin tu plaza!\ufeff\",\"breadcrumb\":{\"@id\":\"https:\/\/avinent.com\/courses\/9a-edicion-atrofias-maxilares-severas-mediante-implantes-subperiosticos\/#breadcrumb\"},\"inLanguage\":\"pt\",\"potentialAction\":[{\"@type\":\"ReadAction\",\"target\":[\"https:\/\/avinent.com\/courses\/9a-edicion-atrofias-maxilares-severas-mediante-implantes-subperiosticos\/\"]}]},{\"@type\":\"BreadcrumbList\",\"@id\":\"https:\/\/avinent.com\/courses\/9a-edicion-atrofias-maxilares-severas-mediante-implantes-subperiosticos\/#breadcrumb\",\"itemListElement\":[{\"@type\":\"ListItem\",\"position\":1,\"name\":\"Portada\",\"item\":\"https:\/\/avinent.com\/pt-pt\/home\/\"},{\"@type\":\"ListItem\",\"position\":2,\"name\":\"Cursos\",\"item\":\"https:\/\/avinent.wwwarcelona.net\/courses\/\"},{\"@type\":\"ListItem\",\"position\":3,\"name\":\"9\u00aa Edici\u00f3n &#8211; Atrofias Maxilares severas mediante implantes subperi\u00f3sticos\"}]},{\"@type\":\"WebSite\",\"@id\":\"https:\/\/avinent.com\/#website\",\"url\":\"https:\/\/avinent.com\/\",\"name\":\"Avinent\",\"description\":\"Todas las soluciones m\u00e9dicas y dentales\",\"publisher\":{\"@id\":\"https:\/\/avinent.com\/#organization\"},\"potentialAction\":[{\"@type\":\"SearchAction\",\"target\":{\"@type\":\"EntryPoint\",\"urlTemplate\":\"https:\/\/avinent.com\/?s={search_term_string}\"},\"query-input\":{\"@type\":\"PropertyValueSpecification\",\"valueRequired\":true,\"valueName\":\"search_term_string\"}}],\"inLanguage\":\"pt\"},{\"@type\":\"Organization\",\"@id\":\"https:\/\/avinent.com\/#organization\",\"name\":\"Avinent\",\"url\":\"https:\/\/avinent.com\/\",\"logo\":{\"@type\":\"ImageObject\",\"inLanguage\":\"pt\",\"@id\":\"https:\/\/avinent.com\/#\/schema\/logo\/image\/\",\"url\":\"https:\/\/avinent.com\/wp-content\/uploads\/2021\/10\/cropped-9216650250dc9798b51ff14a0e1c16c7.png\",\"contentUrl\":\"https:\/\/avinent.com\/wp-content\/uploads\/2021\/10\/cropped-9216650250dc9798b51ff14a0e1c16c7.png\",\"width\":122,\"height\":79,\"caption\":\"Avinent\"},\"image\":{\"@id\":\"https:\/\/avinent.com\/#\/schema\/logo\/image\/\"}}]}<\/script>\n<!-- \/ Yoast SEO plugin. -->","yoast_head_json":{"title":"9\u00aa Edici\u00f3n - Atrofias Maxilares severas mediante implantes subperi\u00f3sticos - Avinent","description":"El pr\u00f3ximo 13 y 14 de febrero, ofrecemos dos d\u00edas de formaci\u00f3n intensiva junto a cuatro grandes profesionales del sector dental. \u00a1No te quedes sin tu plaza!\ufeff","robots":{"index":"index","follow":"follow","max-snippet":"max-snippet:-1","max-image-preview":"max-image-preview:large","max-video-preview":"max-video-preview:-1"},"og_locale":"pt_PT","og_type":"article","og_title":"9\u00aa Edici\u00f3n - Atrofias Maxilares severas mediante implantes subperi\u00f3sticos - Avinent","og_description":"El pr\u00f3ximo 13 y 14 de febrero, ofrecemos dos d\u00edas de formaci\u00f3n intensiva junto a cuatro grandes profesionales del sector dental. \u00a1No te quedes sin tu plaza!\ufeff","og_url":"https:\/\/avinent.com\/courses\/9a-edicion-atrofias-maxilares-severas-mediante-implantes-subperiosticos\/","og_site_name":"Avinent","article_modified_time":"2025-11-05T11:55:07+00:00","twitter_card":"summary_large_image","twitter_misc":{"Est. reading time":"1 minute"},"schema":{"@context":"https:\/\/schema.org","@graph":[{"@type":"WebPage","@id":"https:\/\/avinent.com\/courses\/9a-edicion-atrofias-maxilares-severas-mediante-implantes-subperiosticos\/","url":"https:\/\/avinent.com\/courses\/9a-edicion-atrofias-maxilares-severas-mediante-implantes-subperiosticos\/","name":"9\u00aa Edici\u00f3n - Atrofias Maxilares severas mediante implantes subperi\u00f3sticos - Avinent","isPartOf":{"@id":"https:\/\/avinent.com\/#website"},"datePublished":"2025-06-10T13:33:04+00:00","dateModified":"2025-11-05T11:55:07+00:00","description":"El pr\u00f3ximo 13 y 14 de febrero, ofrecemos dos d\u00edas de formaci\u00f3n intensiva junto a cuatro grandes profesionales del sector dental. \u00a1No te quedes sin tu plaza!\ufeff","breadcrumb":{"@id":"https:\/\/avinent.com\/courses\/9a-edicion-atrofias-maxilares-severas-mediante-implantes-subperiosticos\/#breadcrumb"},"inLanguage":"pt","potentialAction":[{"@type":"ReadAction","target":["https:\/\/avinent.com\/courses\/9a-edicion-atrofias-maxilares-severas-mediante-implantes-subperiosticos\/"]}]},{"@type":"BreadcrumbList","@id":"https:\/\/avinent.com\/courses\/9a-edicion-atrofias-maxilares-severas-mediante-implantes-subperiosticos\/#breadcrumb","itemListElement":[{"@type":"ListItem","position":1,"name":"Portada","item":"https:\/\/avinent.com\/pt-pt\/home\/"},{"@type":"ListItem","position":2,"name":"Cursos","item":"https:\/\/avinent.wwwarcelona.net\/courses\/"},{"@type":"ListItem","position":3,"name":"9\u00aa Edici\u00f3n &#8211; Atrofias Maxilares severas mediante implantes subperi\u00f3sticos"}]},{"@type":"WebSite","@id":"https:\/\/avinent.com\/#website","url":"https:\/\/avinent.com\/","name":"Avinent","description":"Todas las soluciones m\u00e9dicas y dentales","publisher":{"@id":"https:\/\/avinent.com\/#organization"},"potentialAction":[{"@type":"SearchAction","target":{"@type":"EntryPoint","urlTemplate":"https:\/\/avinent.com\/?s={search_term_string}"},"query-input":{"@type":"PropertyValueSpecification","valueRequired":true,"valueName":"search_term_string"}}],"inLanguage":"pt"},{"@type":"Organization","@id":"https:\/\/avinent.com\/#organization","name":"Avinent","url":"https:\/\/avinent.com\/","logo":{"@type":"ImageObject","inLanguage":"pt","@id":"https:\/\/avinent.com\/#\/schema\/logo\/image\/","url":"https:\/\/avinent.com\/wp-content\/uploads\/2021\/10\/cropped-9216650250dc9798b51ff14a0e1c16c7.png","contentUrl":"https:\/\/avinent.com\/wp-content\/uploads\/2021\/10\/cropped-9216650250dc9798b51ff14a0e1c16c7.png","width":122,"height":79,"caption":"Avinent"},"image":{"@id":"https:\/\/avinent.com\/#\/schema\/logo\/image\/"}}]}},"_links":{"self":[{"href":"https:\/\/avinent.com\/pt-pt\/wp-json\/wp\/v2\/courses\/33913","targetHints":{"allow":["GET"]}}],"collection":[{"href":"https:\/\/avinent.com\/pt-pt\/wp-json\/wp\/v2\/courses"}],"about":[{"href":"https:\/\/avinent.com\/pt-pt\/wp-json\/wp\/v2\/types\/courses"}],"wp:attachment":[{"href":"https:\/\/avinent.com\/pt-pt\/wp-json\/wp\/v2\/media?parent=33913"}],"wp:term":[{"taxonomy":"tipologia","embeddable":true,"href":"https:\/\/avinent.com\/pt-pt\/wp-json\/wp\/v2\/tipologia?post=33913"},{"taxonomy":"director","embeddable":true,"href":"https:\/\/avinent.com\/pt-pt\/wp-json\/wp\/v2\/director?post=33913"},{"taxonomy":"ciutat-curs","embeddable":true,"href":"https:\/\/avinent.com\/pt-pt\/wp-json\/wp\/v2\/ciutat-curs?post=33913"},{"taxonomy":"segments","embeddable":true,"href":"https:\/\/avinent.com\/pt-pt\/wp-json\/wp\/v2\/segment?post=33913"}],"curies":[{"name":"wp","href":"https:\/\/api.w.org\/{rel}","templated":true}]}}