{"id":7607,"date":"2023-06-19T13:39:04","date_gmt":"2023-06-19T11:39:04","guid":{"rendered":"http:\/\/www.avinent.com\/?post_type=courses&#038;p=7607"},"modified":"2025-10-02T13:54:30","modified_gmt":"2025-10-02T11:54:30","slug":"modular-oclusion-protesis-dental-2025","status":"publish","type":"courses","link":"https:\/\/avinent.com\/pt-pt\/courses\/modular-oclusion-protesis-dental-2025\/","title":{"rendered":"Curso modular de oclusi\u00f3n y pr\u00f3tesis dental"},"content":{"rendered":"\n<p>En el Curso modular te\u00f3rico-pr\u00e1ctico, obtendr\u00e1s la formaci\u00f3n Postgraduada en Rehabilitaci\u00f3n Oclusal, Pr\u00f3tesis Dental e Implantopr\u00f3tesis. <\/p>\n\n\n\n<p>Un <strong>curso muy completo dirigido e impartido por el Dr. Salvador Gallardo <\/strong>como director del mismo. Tambi\u00e9n uno de los m\u00f3dulos estar\u00e1 impartido por la docencia del  Dr. Ernest Mallat Call\u00eds, sobre Pr\u00f3tesis Parcial Removible y Pr\u00f3tesis Mixta.<\/p>\n\n\n\n<p><strong>\u00bfQu\u00e9 conseguir\u00e1s con este curso?<\/strong><\/p>\n\n\n\n<p>Con este curso modular obtendr\u00e1s la formaci\u00f3n Postgraduada en Rehabilitaci\u00f3n Oclusal, Pr\u00f3tesis Dental e Implantopr\u00f3tesis.<\/p>\n\n\n\n<p><strong>\u00bfC\u00f3mo se distribuye el curso?<\/strong><\/p>\n\n\n\n<p>El curso se compone de 7 m\u00f3dulos te\u00f3ricos-pr\u00e1cticos, empezando el 23 de octubre de 2025 y finalizando en mayo del 2026. Las fechas espec\u00edficas de cada m\u00f3dulo son las siguientes:<br><\/p>\n\n\n\n<p><strong>\u00a1As\u00ed que date prisa para no quedarte sin la tuya!<\/strong><br><strong><br><\/strong>Si quieres conocer m\u00e1s, descarga el programa o solicita m\u00e1s informaci\u00f3n para resolver tus dudas.<\/p>\n\n\n\n<p><\/p>\n","protected":false},"excerpt":{"rendered":"<p>\t\t\t\tEn el Curso modular te\u00f3rico-pr\u00e1ctico, obtendr\u00e1s la formaci\u00f3n Postgraduada en Rehabilitaci\u00f3n Oclusal, Pr\u00f3tesis Dental e Implantopr\u00f3tesis. Un curso muy completo dirigido e impartido por el Dr. Salvador Gallardo.\t\t<\/p>\n","protected":false},"featured_media":8408,"template":"","tipologia":[256],"director":[283],"ciutat-curs":[301],"segment":[170],"class_list":["post-7607","courses","type-courses","status-publish","has-post-thumbnail","hentry","tipologia-teorico-practico","director-dr-salvador-gallardo","ciutat-curs-huelva","segments-implantes"],"acf":[],"yoast_head":"<!-- This site is optimized with the Yoast SEO plugin v26.8 - https:\/\/yoast.com\/product\/yoast-seo-wordpress\/ -->\n<title>Curso modular de oclusi\u00f3n y pr\u00f3tesis dental - Avinent<\/title>\n<meta name=\"robots\" content=\"index, follow, max-snippet:-1, max-image-preview:large, max-video-preview:-1\" \/>\n<meta property=\"og:locale\" content=\"pt_PT\" \/>\n<meta property=\"og:type\" content=\"article\" \/>\n<meta property=\"og:title\" content=\"Curso modular de oclusi\u00f3n y pr\u00f3tesis dental - Avinent\" \/>\n<meta property=\"og:description\" content=\"En el Curso modular te\u00f3rico-pr\u00e1ctico, obtendr\u00e1s la formaci\u00f3n Postgraduada en Rehabilitaci\u00f3n Oclusal, Pr\u00f3tesis Dental e Implantopr\u00f3tesis. Un curso muy completo dirigido e impartido por el Dr. Salvador Gallardo.\" \/>\n<meta property=\"og:url\" content=\"https:\/\/avinent.com\/courses\/modular-oclusion-protesis-dental-2025\/\" \/>\n<meta property=\"og:site_name\" content=\"Avinent\" \/>\n<meta property=\"article:modified_time\" content=\"2025-10-02T11:54:30+00:00\" \/>\n<meta property=\"og:image\" content=\"https:\/\/avinent.com\/wp-content\/uploads\/2023\/07\/Imatge-destacada-cursos-1.jpg\" \/>\n\t<meta property=\"og:image:width\" content=\"600\" \/>\n\t<meta property=\"og:image:height\" content=\"600\" \/>\n\t<meta property=\"og:image:type\" content=\"image\/jpeg\" \/>\n<meta name=\"twitter:card\" content=\"summary_large_image\" \/>\n<meta name=\"twitter:label1\" content=\"Est. reading time\" \/>\n\t<meta name=\"twitter:data1\" content=\"1 minute\" \/>\n<script type=\"application\/ld+json\" class=\"yoast-schema-graph\">{\"@context\":\"https:\/\/schema.org\",\"@graph\":[{\"@type\":\"WebPage\",\"@id\":\"https:\/\/avinent.com\/courses\/modular-oclusion-protesis-dental-2025\/\",\"url\":\"https:\/\/avinent.com\/courses\/modular-oclusion-protesis-dental-2025\/\",\"name\":\"Curso modular de oclusi\u00f3n y pr\u00f3tesis dental - Avinent\",\"isPartOf\":{\"@id\":\"https:\/\/avinent.com\/#website\"},\"primaryImageOfPage\":{\"@id\":\"https:\/\/avinent.com\/courses\/modular-oclusion-protesis-dental-2025\/#primaryimage\"},\"image\":{\"@id\":\"https:\/\/avinent.com\/courses\/modular-oclusion-protesis-dental-2025\/#primaryimage\"},\"thumbnailUrl\":\"https:\/\/avinent.com\/wp-content\/uploads\/2023\/07\/Imatge-destacada-cursos-1.jpg\",\"datePublished\":\"2023-06-19T11:39:04+00:00\",\"dateModified\":\"2025-10-02T11:54:30+00:00\",\"breadcrumb\":{\"@id\":\"https:\/\/avinent.com\/courses\/modular-oclusion-protesis-dental-2025\/#breadcrumb\"},\"inLanguage\":\"pt\",\"potentialAction\":[{\"@type\":\"ReadAction\",\"target\":[\"https:\/\/avinent.com\/courses\/modular-oclusion-protesis-dental-2025\/\"]}]},{\"@type\":\"ImageObject\",\"inLanguage\":\"pt\",\"@id\":\"https:\/\/avinent.com\/courses\/modular-oclusion-protesis-dental-2025\/#primaryimage\",\"url\":\"https:\/\/avinent.com\/wp-content\/uploads\/2023\/07\/Imatge-destacada-cursos-1.jpg\",\"contentUrl\":\"https:\/\/avinent.com\/wp-content\/uploads\/2023\/07\/Imatge-destacada-cursos-1.jpg\",\"width\":600,\"height\":600,\"caption\":\"\"},{\"@type\":\"BreadcrumbList\",\"@id\":\"https:\/\/avinent.com\/courses\/modular-oclusion-protesis-dental-2025\/#breadcrumb\",\"itemListElement\":[{\"@type\":\"ListItem\",\"position\":1,\"name\":\"Portada\",\"item\":\"https:\/\/avinent.com\/pt-pt\/home\/\"},{\"@type\":\"ListItem\",\"position\":2,\"name\":\"Cursos\",\"item\":\"https:\/\/avinent.wwwarcelona.net\/courses\/\"},{\"@type\":\"ListItem\",\"position\":3,\"name\":\"Curso modular de oclusi\u00f3n y pr\u00f3tesis dental\"}]},{\"@type\":\"WebSite\",\"@id\":\"https:\/\/avinent.com\/#website\",\"url\":\"https:\/\/avinent.com\/\",\"name\":\"Avinent\",\"description\":\"Todas las soluciones m\u00e9dicas y dentales\",\"publisher\":{\"@id\":\"https:\/\/avinent.com\/#organization\"},\"potentialAction\":[{\"@type\":\"SearchAction\",\"target\":{\"@type\":\"EntryPoint\",\"urlTemplate\":\"https:\/\/avinent.com\/?s={search_term_string}\"},\"query-input\":{\"@type\":\"PropertyValueSpecification\",\"valueRequired\":true,\"valueName\":\"search_term_string\"}}],\"inLanguage\":\"pt\"},{\"@type\":\"Organization\",\"@id\":\"https:\/\/avinent.com\/#organization\",\"name\":\"Avinent\",\"url\":\"https:\/\/avinent.com\/\",\"logo\":{\"@type\":\"ImageObject\",\"inLanguage\":\"pt\",\"@id\":\"https:\/\/avinent.com\/#\/schema\/logo\/image\/\",\"url\":\"https:\/\/avinent.com\/wp-content\/uploads\/2021\/10\/cropped-9216650250dc9798b51ff14a0e1c16c7.png\",\"contentUrl\":\"https:\/\/avinent.com\/wp-content\/uploads\/2021\/10\/cropped-9216650250dc9798b51ff14a0e1c16c7.png\",\"width\":122,\"height\":79,\"caption\":\"Avinent\"},\"image\":{\"@id\":\"https:\/\/avinent.com\/#\/schema\/logo\/image\/\"}}]}<\/script>\n<!-- \/ Yoast SEO plugin. -->","yoast_head_json":{"title":"Curso modular de oclusi\u00f3n y pr\u00f3tesis dental - Avinent","robots":{"index":"index","follow":"follow","max-snippet":"max-snippet:-1","max-image-preview":"max-image-preview:large","max-video-preview":"max-video-preview:-1"},"og_locale":"pt_PT","og_type":"article","og_title":"Curso modular de oclusi\u00f3n y pr\u00f3tesis dental - Avinent","og_description":"En el Curso modular te\u00f3rico-pr\u00e1ctico, obtendr\u00e1s la formaci\u00f3n Postgraduada en Rehabilitaci\u00f3n Oclusal, Pr\u00f3tesis Dental e Implantopr\u00f3tesis. Un curso muy completo dirigido e impartido por el Dr. Salvador Gallardo.","og_url":"https:\/\/avinent.com\/courses\/modular-oclusion-protesis-dental-2025\/","og_site_name":"Avinent","article_modified_time":"2025-10-02T11:54:30+00:00","og_image":[{"width":600,"height":600,"url":"https:\/\/avinent.com\/wp-content\/uploads\/2023\/07\/Imatge-destacada-cursos-1.jpg","type":"image\/jpeg"}],"twitter_card":"summary_large_image","twitter_misc":{"Est. reading time":"1 minute"},"schema":{"@context":"https:\/\/schema.org","@graph":[{"@type":"WebPage","@id":"https:\/\/avinent.com\/courses\/modular-oclusion-protesis-dental-2025\/","url":"https:\/\/avinent.com\/courses\/modular-oclusion-protesis-dental-2025\/","name":"Curso modular de oclusi\u00f3n y pr\u00f3tesis dental - Avinent","isPartOf":{"@id":"https:\/\/avinent.com\/#website"},"primaryImageOfPage":{"@id":"https:\/\/avinent.com\/courses\/modular-oclusion-protesis-dental-2025\/#primaryimage"},"image":{"@id":"https:\/\/avinent.com\/courses\/modular-oclusion-protesis-dental-2025\/#primaryimage"},"thumbnailUrl":"https:\/\/avinent.com\/wp-content\/uploads\/2023\/07\/Imatge-destacada-cursos-1.jpg","datePublished":"2023-06-19T11:39:04+00:00","dateModified":"2025-10-02T11:54:30+00:00","breadcrumb":{"@id":"https:\/\/avinent.com\/courses\/modular-oclusion-protesis-dental-2025\/#breadcrumb"},"inLanguage":"pt","potentialAction":[{"@type":"ReadAction","target":["https:\/\/avinent.com\/courses\/modular-oclusion-protesis-dental-2025\/"]}]},{"@type":"ImageObject","inLanguage":"pt","@id":"https:\/\/avinent.com\/courses\/modular-oclusion-protesis-dental-2025\/#primaryimage","url":"https:\/\/avinent.com\/wp-content\/uploads\/2023\/07\/Imatge-destacada-cursos-1.jpg","contentUrl":"https:\/\/avinent.com\/wp-content\/uploads\/2023\/07\/Imatge-destacada-cursos-1.jpg","width":600,"height":600,"caption":""},{"@type":"BreadcrumbList","@id":"https:\/\/avinent.com\/courses\/modular-oclusion-protesis-dental-2025\/#breadcrumb","itemListElement":[{"@type":"ListItem","position":1,"name":"Portada","item":"https:\/\/avinent.com\/pt-pt\/home\/"},{"@type":"ListItem","position":2,"name":"Cursos","item":"https:\/\/avinent.wwwarcelona.net\/courses\/"},{"@type":"ListItem","position":3,"name":"Curso modular de oclusi\u00f3n y pr\u00f3tesis dental"}]},{"@type":"WebSite","@id":"https:\/\/avinent.com\/#website","url":"https:\/\/avinent.com\/","name":"Avinent","description":"Todas las soluciones m\u00e9dicas y dentales","publisher":{"@id":"https:\/\/avinent.com\/#organization"},"potentialAction":[{"@type":"SearchAction","target":{"@type":"EntryPoint","urlTemplate":"https:\/\/avinent.com\/?s={search_term_string}"},"query-input":{"@type":"PropertyValueSpecification","valueRequired":true,"valueName":"search_term_string"}}],"inLanguage":"pt"},{"@type":"Organization","@id":"https:\/\/avinent.com\/#organization","name":"Avinent","url":"https:\/\/avinent.com\/","logo":{"@type":"ImageObject","inLanguage":"pt","@id":"https:\/\/avinent.com\/#\/schema\/logo\/image\/","url":"https:\/\/avinent.com\/wp-content\/uploads\/2021\/10\/cropped-9216650250dc9798b51ff14a0e1c16c7.png","contentUrl":"https:\/\/avinent.com\/wp-content\/uploads\/2021\/10\/cropped-9216650250dc9798b51ff14a0e1c16c7.png","width":122,"height":79,"caption":"Avinent"},"image":{"@id":"https:\/\/avinent.com\/#\/schema\/logo\/image\/"}}]}},"_links":{"self":[{"href":"https:\/\/avinent.com\/pt-pt\/wp-json\/wp\/v2\/courses\/7607","targetHints":{"allow":["GET"]}}],"collection":[{"href":"https:\/\/avinent.com\/pt-pt\/wp-json\/wp\/v2\/courses"}],"about":[{"href":"https:\/\/avinent.com\/pt-pt\/wp-json\/wp\/v2\/types\/courses"}],"wp:featuredmedia":[{"embeddable":true,"href":"https:\/\/avinent.com\/pt-pt\/wp-json\/wp\/v2\/media\/8408"}],"wp:attachment":[{"href":"https:\/\/avinent.com\/pt-pt\/wp-json\/wp\/v2\/media?parent=7607"}],"wp:term":[{"taxonomy":"tipologia","embeddable":true,"href":"https:\/\/avinent.com\/pt-pt\/wp-json\/wp\/v2\/tipologia?post=7607"},{"taxonomy":"director","embeddable":true,"href":"https:\/\/avinent.com\/pt-pt\/wp-json\/wp\/v2\/director?post=7607"},{"taxonomy":"ciutat-curs","embeddable":true,"href":"https:\/\/avinent.com\/pt-pt\/wp-json\/wp\/v2\/ciutat-curs?post=7607"},{"taxonomy":"segments","embeddable":true,"href":"https:\/\/avinent.com\/pt-pt\/wp-json\/wp\/v2\/segment?post=7607"}],"curies":[{"name":"wp","href":"https:\/\/api.w.org\/{rel}","templated":true}]}}